{"id":8364,"date":"2024-09-03T11:00:16","date_gmt":"2024-09-03T09:00:16","guid":{"rendered":"https:\/\/pianeta.extrawebapp.it\/formazione\/?page_id=8364"},"modified":"2025-02-26T12:37:48","modified_gmt":"2025-02-26T11:37:48","slug":"gestire-limpresa-nei-contesti-di-incertezza-risk-management-compliance-responsabilita-sociale","status":"publish","type":"page","link":"https:\/\/pianeta.extrawebapp.it\/formazione\/competenze-imprenditoriali-per-loccupabilita-ladattabilita-e-la-creazione-dimpresa-2\/gestire-limpresa-nei-contesti-di-incertezza-risk-management-compliance-responsabilita-sociale\/","title":{"rendered":"Gestire l\u2019impresa nei contesti di incertezza \u2013 Risk management, compliance, responsabilit\u00e0 sociale"},"content":{"rendered":"<section class=\"wpb-content-wrapper\"><p>[vc_row][vc_column][vc_single_image image=&#8221;9003&#8243; img_size=&#8221;full&#8221; alignment=&#8221;center&#8221;][vc_empty_space][\/vc_column][\/vc_row][vc_row type=&#8221;vc_default&#8221; gap=&#8221;35&#8243; equal_height=&#8221;yes&#8221; content_placement=&#8221;middle&#8221;][vc_column]<div id=\"ultimate-heading-696369f53cb2c68ec\" class=\"uvc-heading ult-adjust-bottom-margin ultimate-heading-696369f53cb2c68ec uvc-3280  uvc-heading-default-font-sizes\" data-hspacer=\"no_spacer\"  data-halign=\"left\" style=\"text-align:left\"><div class=\"uvc-heading-spacer no_spacer\" style=\"top\"><\/div><div class=\"uvc-main-heading ult-responsive\"  data-ultimate-target='.uvc-heading.ultimate-heading-696369f53cb2c68ec h2'  data-responsive-json-new='{\"font-size\":\"\",\"line-height\":\"\"}' ><h2 style=\"--font-weight:theme;\">Gestire l\u2019impresa nei contesti di incertezza \u2013 Risk management, compliance, responsabilit\u00e0 sociale<\/h2><\/div><\/div>[vc_separator color=&#8221;custom&#8221; border_width=&#8221;2&#8243; accent_color=&#8221;#333333&#8243;][\/vc_column][\/vc_row][vc_row type=&#8221;vc_default&#8221;][vc_column offset=&#8221;vc_col-lg-12 vc_col-md-12 vc_col-xs-12&#8243; css=&#8221;.vc_custom_1588148380388{margin-bottom: 50px !important;}&#8221;][vc_single_image image=&#8221;9063&#8243; img_size=&#8221;full&#8221; alignment=&#8221;center&#8221;][vc_single_image image=&#8221;8916&#8243; img_size=&#8221;large&#8221; alignment=&#8221;center&#8221;][vc_column_text]<\/p>\n<div class=\"elementor-element elementor-element-47fe470 elementor-widget elementor-widget-heading\" data-id=\"47fe470\" data-element_type=\"widget\" data-widget_type=\"heading.default\">\n<div class=\"elementor-widget-container\">\n<div class=\"elementor-element elementor-element-32cbee5 elementor-widget elementor-widget-text-editor\" data-id=\"32cbee5\" data-element_type=\"widget\" data-widget_type=\"text-editor.default\">\n<div class=\"elementor-widget-container\">\n<p>Operazione Rif. PA 2024-21199\/RER approvata con Delibera di Giunta Regionale DGR n. 1133\/2024 del 17\/06\/2024 e realizzata grazie ai Fondi Europei della Regione Emilia-Romagna<\/p>\n<\/div>\n<\/div>\n<div class=\"elementor-element elementor-element-42e794a elementor-widget elementor-widget-heading\" data-id=\"42e794a\" data-element_type=\"widget\" data-widget_type=\"heading.default\">\n<div class=\"elementor-widget-container\">\n<h2 class=\"elementor-heading-title elementor-size-default\">Descrizione del profilo<\/h2>\n<\/div>\n<\/div>\n<div class=\"elementor-element elementor-element-05c2e32 elementor-widget elementor-widget-text-editor\" data-id=\"05c2e32\" data-element_type=\"widget\" data-widget_type=\"text-editor.default\">\n<div class=\"elementor-widget-container\">\n<p><span class=\"S1PPyQ\">Il corso si rivolge a persone che \u2013 sulla base di aspettative, inclinazione o attitudine personale \u2013 intendano acquisire e\/o accrescere competenze imprenditoriali funzionali all\u2019avvio e al consolidamento di percorsi di creazione d impresa, riconducibili alla classificazione EntreComp \u201cAGIRE CON PROATTIVITA \u201c: PRENDERE LE INIZIATIVE; PIANIFICARE, GESTIRE E STABILIRE PRIORITA ; GESTIRE L\u2019INCERTEZZA, L\u2019AMBIGUITA , IL RISCHIO con specifico riferimento ai seguenti ambiti: Risk Management, Compliance, Responsabilit\u00e0 sociale. Possono partecipare al percorso formativo persone che risultino residenti o domiciliate in regione Emilia-Romagna in data antecedente l\u2019iscrizione alle attivit\u00e0. A fini dell\u2019ammissione al corso, la condizione occupazionale non \u00e8 rilevante.<\/span><\/p>\n<\/div>\n<\/div>\n<div class=\"elementor-element elementor-element-46e1767 elementor-widget elementor-widget-heading\" data-id=\"46e1767\" data-element_type=\"widget\" data-widget_type=\"heading.default\">\n<div class=\"elementor-widget-container\">\n<h2 class=\"elementor-heading-title elementor-size-default\">Contenuti del percorso<\/h2>\n<\/div>\n<\/div>\n<div class=\"elementor-element elementor-element-f38516b elementor-widget elementor-widget-text-editor\" data-id=\"f38516b\" data-element_type=\"widget\" data-widget_type=\"text-editor.default\">\n<div class=\"elementor-widget-container\">\n<p>A fini di personalizzazione dell\u2019offerta formativa, i contenuti di dettaglio verranno definiti in fase di avvio delle singole edizioni, sulla base dei fabbisogni dei singoli partecipanti e del gruppo classe.<\/p>\n<p>Macro-contenuti di riferimento:<\/p>\n<p>RISK MANAGEMENT<\/p>\n<ul>\n<li>Cosa si intende e perch\u00e9 \u00e8 importante<\/li>\n<li>Rischi Strategici e Pianificazione<\/li>\n<li>Rischi Finanziari e Gestione Finanziaria<\/li>\n<li>Rischi Operativi e miglioramento dei processi<\/li>\n<li>Rischio Internazionale<\/li>\n<li>Cybersecurity<\/li>\n<\/ul>\n<p>COMPLIANCE e LEGGE 231<\/p>\n<ul>\n<li>Il quadro della Compliance<\/li>\n<li>Legge 231 e adempimenti Normativi<\/li>\n<li>Anticorruzione e buone pratiche<\/li>\n<\/ul>\n<p>RESPONSABILIT\u00c0 SOCIALE<\/p>\n<ul>\n<li>Definizione e Concetti di Sostenibilit\u00e0<\/li>\n<li>ESG: le dimensioni dell\u2019Ambiente, del Sociale e della Governance<\/li>\n<li>Responsabilit\u00e0 Sociale d\u2019Impresa (CSR)<\/li>\n<li>CSR e Bilancio Etico<\/li>\n<li>Panoramica sulle Certificazioni ambientali<\/li>\n<li>Sostenibilit\u00e0, conciliazione, parit\u00e0<\/li>\n<\/ul>\n<\/div>\n<\/div>\n<div class=\"elementor-element elementor-element-998da78 elementor-widget elementor-widget-heading\" data-id=\"998da78\" data-element_type=\"widget\" data-widget_type=\"heading.default\">\n<div class=\"elementor-widget-container\">\n<h2 class=\"elementor-heading-title elementor-size-default\">Attestato<\/h2>\n<\/div>\n<\/div>\n<div class=\"elementor-element elementor-element-67fef90 elementor-widget elementor-widget-text-editor\" data-id=\"67fef90\" data-element_type=\"widget\" data-widget_type=\"text-editor.default\">\n<div class=\"elementor-widget-container\">\n<p><span class=\"S1PPyQ\">Al termine del percorso formativo verr\u00e0 rilasciato un attestato di frequenza.<\/span><\/p>\n<\/div>\n<\/div>\n<div class=\"elementor-element elementor-element-135c164 elementor-widget elementor-widget-heading\" data-id=\"135c164\" data-element_type=\"widget\" data-widget_type=\"heading.default\">\n<div class=\"elementor-widget-container\">\n<h2 class=\"elementor-heading-title elementor-size-default\">Requisiti e Destinatari<\/h2>\n<\/div>\n<\/div>\n<div class=\"elementor-element elementor-element-2312e7e elementor-widget elementor-widget-text-editor\" data-id=\"2312e7e\" data-element_type=\"widget\" data-widget_type=\"text-editor.default\">\n<div class=\"elementor-widget-container\">\n<p><span class=\"S1PPyQ\">Possono partecipare al percorso formativo persone che risultino residenti o domiciliate in regione Emilia-Romagna in data antecedente l\u2019iscrizione alle attivit\u00e0.<br \/>\nA fini dell\u2019ammissione al corso, la condizione occupazionale non \u00e8 rilevante.<\/span><\/p>\n<p>Trattandosi di un percorso di livello avanzato, che permette l\u2019acquisizione di capacit\u00e0 e abilit\u00e0 tecniche e operative necessarie per avviare percorsi di creazione e consolidamento d\u2019impresa, si ritene necessario che i partecipanti possiedano buone competenze di utilizzo del pc e fondamenti di organizzazione aziendale\/gestione d\u2019impresa.<\/p>\n<\/div>\n<\/div>\n<div class=\"elementor-element elementor-element-1496d7e elementor-widget elementor-widget-heading\" data-id=\"1496d7e\" data-element_type=\"widget\" data-widget_type=\"heading.default\">\n<div class=\"elementor-widget-container\">\n<h2 class=\"elementor-heading-title elementor-size-default\">Modalit\u00e0 di Selezione<\/h2>\n<\/div>\n<\/div>\n<div class=\"elementor-element elementor-element-1093364 elementor-widget elementor-widget-text-editor\" data-id=\"1093364\" data-element_type=\"widget\" data-widget_type=\"text-editor.default\">\n<div class=\"elementor-widget-container\">\n<p class=\"_04xlpA direction-ltr align-justify para-style-title\"><span class=\"S1PPyQ\">Dopo aver riverificato la sussistenza dei requisiti formali esaminando la documentazione, l\u2019Ente attuatore di ciascuna edizione proceder\u00e0 alla verifica dei requisiti sostanziali, attraverso la somministrazione di test a risposta multipla finalizzati a verificare il possesso delle competenze richieste in ingresso, vale a dire di buone competenze nell\u2019utilizzo del pc e fondamenti di amministrazione\/gestione d\u2019azienda. In caso il numero di richieste superi i posti disponibili, verr\u00e0 data priorit\u00e0 a quanti \u2013 ad es. in esito ai Progetti 2, 4, 7, 8 \u2013 debbano apprendere e\/o mettere in atto strategie di gestione dell\u2019impresa nei contesti di incertezza, con riferimento alla propria Business Idea o Start-up. Successivi criteri di priorit\u00e0: disoccupazione, titolo di studio basso, data di iscrizione. Il corso sar\u00e0 attivato al raggiungimento di minimo 8 partecipanti ammissibili e sar\u00e0 aperto ad un massimo indicativamente di 12 persone.<\/span><\/p>\n<\/div>\n<\/div>\n<\/div>\n<\/div>\n<p>[\/vc_column_text][\/vc_column][\/vc_row][vc_row][vc_column][vc_column_text]<\/p>\n<h2 style=\"text-align: center;\"><a href=\"https:\/\/pianeta.extrawebapp.it\/formazione\/wp-content\/uploads\/sites\/6\/2024\/10\/Competenze-imprenditoriali-Rif.Pa-2024-21199-Prog.11-1.pdf\"><strong><span style=\"color: #0000ff;\">SCARICA LA LOCANDINA DEL CORSO<\/span><\/strong><\/a><\/h2>\n<p>[\/vc_column_text][\/vc_column][\/vc_row][vc_row type=&#8221;vc_default&#8221;][vc_column offset=&#8221;vc_col-lg-12 vc_col-md-12 vc_col-xs-12&#8243; css=&#8221;.vc_custom_1588148380388{margin-bottom: 50px !important;}&#8221;][vc_column_text]<\/p>\n<hr \/>\n<p>Per ulteriori informazioni rivolgersi a:<\/p>\n<p>Dott.ssa Rosa Anna Casalino \u2013 Dott.ssa Pamela Cafagna<br \/>\nTel. 0547-1825179<br \/>\nE-mail:\u00a0<a href=\"mailto:rosaanna.casalino@pianetasicurezza.it\">rosaanna.casalino@pianetasicurezza.it<\/a>\u00a0\u2013\u00a0<a href=\"mailto:pamela.cafagna@pianetasicurezza.it\">pamela.cafagna@pianetasicurezza.it<\/a>[\/vc_column_text][\/vc_column][\/vc_row][vc_row][vc_column][vc_single_image image=&#8221;9059&#8243; img_size=&#8221;full&#8221;][\/vc_column][\/vc_row]<\/p>\n<\/section>","protected":false},"excerpt":{"rendered":"<p>[vc_row][vc_column][vc_single_image image=&#8221;9003&#8243; img_size=&#8221;full&#8221; alignment=&#8221;center&#8221;][vc_empty_space][\/vc_column][\/vc_row][vc_row type=&#8221;vc_default&#8221; gap=&#8221;35&#8243; equal_height=&#8221;yes&#8221; content_placement=&#8221;middle&#8221;][vc_column][vc_separator color=&#8221;custom&#8221; border_width=&#8221;2&#8243; accent_color=&#8221;#333333&#8243;][\/vc_column][\/vc_row][vc_row type=&#8221;vc_default&#8221;][vc_column offset=&#8221;vc_col-lg-12 vc_col-md-12 vc_col-xs-12&#8243; css=&#8221;.vc_custom_1588148380388{margin-bottom: 50px !important;}&#8221;][vc_single_image image=&#8221;9063&#8243; img_size=&#8221;full&#8221;&hellip;<\/p>\n","protected":false},"author":6,"featured_media":0,"parent":9107,"menu_order":49,"comment_status":"closed","ping_status":"closed","template":"","meta":{"_acf_changed":false,"inline_featured_image":false,"_lmt_disableupdate":"no","_lmt_disable":"","footnotes":""},"class_list":["post-8364","page","type-page","status-publish","hentry","description-off"],"acf":[],"yoast_head":"<!-- This site is optimized with the Yoast SEO plugin v21.2 - https:\/\/yoast.com\/wordpress\/plugins\/seo\/ -->\n<title>Gestire l\u2019impresa nei contesti di incertezza<\/title>\n<meta name=\"description\" content=\"Il corso \u00e8 rivolto a rivolto a imprenditori, responsabili Hse, tecnici ambientali, professionisti orientati alla corretta introduzione\/gestione \/riqualificazione di processi orientati alla sostenibilit\u00e0 nell\u2019esecuzione del proprio lavoro su un tema, quello della gestione rifiuti, largamente diffuso nella filiera servizi.\" \/>\n<meta name=\"robots\" content=\"index, follow, max-snippet:-1, max-image-preview:large, max-video-preview:-1\" \/>\n<link rel=\"canonical\" href=\"https:\/\/www.pianetasicurezza.it\/formazione\/competenze-imprenditoriali-per-loccupabilita-ladattabilita-e-la-creazione-dimpresa-2\/gestire-limpresa-nei-contesti-di-incertezza-risk-management-compliance-responsabilita-sociale\/\" \/>\n<meta property=\"og:locale\" content=\"it_IT\" \/>\n<meta property=\"og:type\" content=\"article\" \/>\n<meta property=\"og:title\" content=\"Gestire l\u2019impresa nei contesti di incertezza\" \/>\n<meta property=\"og:description\" content=\"Il corso \u00e8 rivolto a rivolto a imprenditori, responsabili Hse, tecnici ambientali, professionisti orientati alla corretta introduzione\/gestione \/riqualificazione di processi orientati alla sostenibilit\u00e0 nell\u2019esecuzione del proprio lavoro su un tema, quello della gestione rifiuti, largamente diffuso nella filiera servizi.\" \/>\n<meta property=\"og:url\" content=\"https:\/\/www.pianetasicurezza.it\/formazione\/competenze-imprenditoriali-per-loccupabilita-ladattabilita-e-la-creazione-dimpresa-2\/gestire-limpresa-nei-contesti-di-incertezza-risk-management-compliance-responsabilita-sociale\/\" \/>\n<meta property=\"og:site_name\" content=\"Formazione | Pianeta Sicurezza Srl\" \/>\n<meta property=\"article:modified_time\" content=\"2025-02-26T11:37:48+00:00\" \/>\n<meta name=\"twitter:card\" content=\"summary_large_image\" \/>\n<meta name=\"twitter:label1\" content=\"Tempo di lettura stimato\" \/>\n\t<meta name=\"twitter:data1\" content=\"3 minuti\" \/>\n<script type=\"application\/ld+json\" class=\"yoast-schema-graph\">{\"@context\":\"https:\/\/schema.org\",\"@graph\":[{\"@type\":\"WebPage\",\"@id\":\"https:\/\/www.pianetasicurezza.it\/formazione\/competenze-imprenditoriali-per-loccupabilita-ladattabilita-e-la-creazione-dimpresa-2\/gestire-limpresa-nei-contesti-di-incertezza-risk-management-compliance-responsabilita-sociale\/\",\"url\":\"https:\/\/www.pianetasicurezza.it\/formazione\/competenze-imprenditoriali-per-loccupabilita-ladattabilita-e-la-creazione-dimpresa-2\/gestire-limpresa-nei-contesti-di-incertezza-risk-management-compliance-responsabilita-sociale\/\",\"name\":\"Gestire l\u2019impresa nei contesti di incertezza\",\"isPartOf\":{\"@id\":\"https:\/\/www.pianetasicurezza.it\/formazione\/#website\"},\"datePublished\":\"2024-09-03T09:00:16+00:00\",\"dateModified\":\"2025-02-26T11:37:48+00:00\",\"description\":\"Il corso \u00e8 rivolto a rivolto a imprenditori, responsabili Hse, tecnici ambientali, professionisti orientati alla corretta introduzione\/gestione \/riqualificazione di processi orientati alla sostenibilit\u00e0 nell\u2019esecuzione del proprio lavoro su un tema, quello della gestione rifiuti, largamente diffuso nella filiera servizi.\",\"breadcrumb\":{\"@id\":\"https:\/\/www.pianetasicurezza.it\/formazione\/competenze-imprenditoriali-per-loccupabilita-ladattabilita-e-la-creazione-dimpresa-2\/gestire-limpresa-nei-contesti-di-incertezza-risk-management-compliance-responsabilita-sociale\/#breadcrumb\"},\"inLanguage\":\"it-IT\",\"potentialAction\":[{\"@type\":\"ReadAction\",\"target\":[\"https:\/\/www.pianetasicurezza.it\/formazione\/competenze-imprenditoriali-per-loccupabilita-ladattabilita-e-la-creazione-dimpresa-2\/gestire-limpresa-nei-contesti-di-incertezza-risk-management-compliance-responsabilita-sociale\/\"]}]},{\"@type\":\"BreadcrumbList\",\"@id\":\"https:\/\/www.pianetasicurezza.it\/formazione\/competenze-imprenditoriali-per-loccupabilita-ladattabilita-e-la-creazione-dimpresa-2\/gestire-limpresa-nei-contesti-di-incertezza-risk-management-compliance-responsabilita-sociale\/#breadcrumb\",\"itemListElement\":[{\"@type\":\"ListItem\",\"position\":1,\"name\":\"Home\",\"item\":\"https:\/\/www.pianetasicurezza.it\/formazione\/\"},{\"@type\":\"ListItem\",\"position\":2,\"name\":\"Competenze imprenditoriali per l\u2019occupabilit\u00e0, l&#8217;adattabilit\u00e0 e la creazione d\u2019impresa\",\"item\":\"https:\/\/www.pianetasicurezza.it\/formazione\/competenze-imprenditoriali-per-loccupabilita-ladattabilita-e-la-creazione-dimpresa-2\/\"},{\"@type\":\"ListItem\",\"position\":3,\"name\":\"Gestire l\u2019impresa nei contesti di incertezza \u2013 Risk management, compliance, responsabilit\u00e0 sociale\"}]},{\"@type\":\"WebSite\",\"@id\":\"https:\/\/www.pianetasicurezza.it\/formazione\/#website\",\"url\":\"https:\/\/www.pianetasicurezza.it\/formazione\/\",\"name\":\"Formazione | Pianeta Sicurezza Srl\",\"description\":\"\",\"potentialAction\":[{\"@type\":\"SearchAction\",\"target\":{\"@type\":\"EntryPoint\",\"urlTemplate\":\"https:\/\/www.pianetasicurezza.it\/formazione\/?s={search_term_string}\"},\"query-input\":\"required name=search_term_string\"}],\"inLanguage\":\"it-IT\"}]}<\/script>\n<!-- \/ Yoast SEO plugin. -->","yoast_head_json":{"title":"Gestire l\u2019impresa nei contesti di incertezza","description":"Il corso \u00e8 rivolto a rivolto a imprenditori, responsabili Hse, tecnici ambientali, professionisti orientati alla corretta introduzione\/gestione \/riqualificazione di processi orientati alla sostenibilit\u00e0 nell\u2019esecuzione del proprio lavoro su un tema, quello della gestione rifiuti, largamente diffuso nella filiera servizi.","robots":{"index":"index","follow":"follow","max-snippet":"max-snippet:-1","max-image-preview":"max-image-preview:large","max-video-preview":"max-video-preview:-1"},"canonical":"https:\/\/www.pianetasicurezza.it\/formazione\/competenze-imprenditoriali-per-loccupabilita-ladattabilita-e-la-creazione-dimpresa-2\/gestire-limpresa-nei-contesti-di-incertezza-risk-management-compliance-responsabilita-sociale\/","og_locale":"it_IT","og_type":"article","og_title":"Gestire l\u2019impresa nei contesti di incertezza","og_description":"Il corso \u00e8 rivolto a rivolto a imprenditori, responsabili Hse, tecnici ambientali, professionisti orientati alla corretta introduzione\/gestione \/riqualificazione di processi orientati alla sostenibilit\u00e0 nell\u2019esecuzione del proprio lavoro su un tema, quello della gestione rifiuti, largamente diffuso nella filiera servizi.","og_url":"https:\/\/www.pianetasicurezza.it\/formazione\/competenze-imprenditoriali-per-loccupabilita-ladattabilita-e-la-creazione-dimpresa-2\/gestire-limpresa-nei-contesti-di-incertezza-risk-management-compliance-responsabilita-sociale\/","og_site_name":"Formazione | Pianeta Sicurezza Srl","article_modified_time":"2025-02-26T11:37:48+00:00","twitter_card":"summary_large_image","twitter_misc":{"Tempo di lettura stimato":"3 minuti"},"schema":{"@context":"https:\/\/schema.org","@graph":[{"@type":"WebPage","@id":"https:\/\/www.pianetasicurezza.it\/formazione\/competenze-imprenditoriali-per-loccupabilita-ladattabilita-e-la-creazione-dimpresa-2\/gestire-limpresa-nei-contesti-di-incertezza-risk-management-compliance-responsabilita-sociale\/","url":"https:\/\/www.pianetasicurezza.it\/formazione\/competenze-imprenditoriali-per-loccupabilita-ladattabilita-e-la-creazione-dimpresa-2\/gestire-limpresa-nei-contesti-di-incertezza-risk-management-compliance-responsabilita-sociale\/","name":"Gestire l\u2019impresa nei contesti di incertezza","isPartOf":{"@id":"https:\/\/www.pianetasicurezza.it\/formazione\/#website"},"datePublished":"2024-09-03T09:00:16+00:00","dateModified":"2025-02-26T11:37:48+00:00","description":"Il corso \u00e8 rivolto a rivolto a imprenditori, responsabili Hse, tecnici ambientali, professionisti orientati alla corretta introduzione\/gestione \/riqualificazione di processi orientati alla sostenibilit\u00e0 nell\u2019esecuzione del proprio lavoro su un tema, quello della gestione rifiuti, largamente diffuso nella filiera servizi.","breadcrumb":{"@id":"https:\/\/www.pianetasicurezza.it\/formazione\/competenze-imprenditoriali-per-loccupabilita-ladattabilita-e-la-creazione-dimpresa-2\/gestire-limpresa-nei-contesti-di-incertezza-risk-management-compliance-responsabilita-sociale\/#breadcrumb"},"inLanguage":"it-IT","potentialAction":[{"@type":"ReadAction","target":["https:\/\/www.pianetasicurezza.it\/formazione\/competenze-imprenditoriali-per-loccupabilita-ladattabilita-e-la-creazione-dimpresa-2\/gestire-limpresa-nei-contesti-di-incertezza-risk-management-compliance-responsabilita-sociale\/"]}]},{"@type":"BreadcrumbList","@id":"https:\/\/www.pianetasicurezza.it\/formazione\/competenze-imprenditoriali-per-loccupabilita-ladattabilita-e-la-creazione-dimpresa-2\/gestire-limpresa-nei-contesti-di-incertezza-risk-management-compliance-responsabilita-sociale\/#breadcrumb","itemListElement":[{"@type":"ListItem","position":1,"name":"Home","item":"https:\/\/www.pianetasicurezza.it\/formazione\/"},{"@type":"ListItem","position":2,"name":"Competenze imprenditoriali per l\u2019occupabilit\u00e0, l&#8217;adattabilit\u00e0 e la creazione d\u2019impresa","item":"https:\/\/www.pianetasicurezza.it\/formazione\/competenze-imprenditoriali-per-loccupabilita-ladattabilita-e-la-creazione-dimpresa-2\/"},{"@type":"ListItem","position":3,"name":"Gestire l\u2019impresa nei contesti di incertezza \u2013 Risk management, compliance, responsabilit\u00e0 sociale"}]},{"@type":"WebSite","@id":"https:\/\/www.pianetasicurezza.it\/formazione\/#website","url":"https:\/\/www.pianetasicurezza.it\/formazione\/","name":"Formazione | Pianeta Sicurezza Srl","description":"","potentialAction":[{"@type":"SearchAction","target":{"@type":"EntryPoint","urlTemplate":"https:\/\/www.pianetasicurezza.it\/formazione\/?s={search_term_string}"},"query-input":"required name=search_term_string"}],"inLanguage":"it-IT"}]}},"_links":{"self":[{"href":"https:\/\/pianeta.extrawebapp.it\/formazione\/wp-json\/wp\/v2\/pages\/8364"}],"collection":[{"href":"https:\/\/pianeta.extrawebapp.it\/formazione\/wp-json\/wp\/v2\/pages"}],"about":[{"href":"https:\/\/pianeta.extrawebapp.it\/formazione\/wp-json\/wp\/v2\/types\/page"}],"author":[{"embeddable":true,"href":"https:\/\/pianeta.extrawebapp.it\/formazione\/wp-json\/wp\/v2\/users\/6"}],"replies":[{"embeddable":true,"href":"https:\/\/pianeta.extrawebapp.it\/formazione\/wp-json\/wp\/v2\/comments?post=8364"}],"version-history":[{"count":21,"href":"https:\/\/pianeta.extrawebapp.it\/formazione\/wp-json\/wp\/v2\/pages\/8364\/revisions"}],"predecessor-version":[{"id":10106,"href":"https:\/\/pianeta.extrawebapp.it\/formazione\/wp-json\/wp\/v2\/pages\/8364\/revisions\/10106"}],"up":[{"embeddable":true,"href":"https:\/\/pianeta.extrawebapp.it\/formazione\/wp-json\/wp\/v2\/pages\/9107"}],"wp:attachment":[{"href":"https:\/\/pianeta.extrawebapp.it\/formazione\/wp-json\/wp\/v2\/media?parent=8364"}],"curies":[{"name":"wp","href":"https:\/\/api.w.org\/{rel}","templated":true}]}}